{"id":2388,"date":"2025-08-25T10:23:47","date_gmt":"2025-08-25T08:23:47","guid":{"rendered":"https:\/\/www.kanziapple.com\/legal\/privacy-policy\/"},"modified":"2026-03-11T15:21:15","modified_gmt":"2026-03-11T14:21:15","slug":"privacy-policy","status":"publish","type":"legal","link":"https:\/\/www.kanziapple.com\/es\/legal\/privacy-policy\/","title":{"rendered":"Pol\u00edtica de privacidad"},"content":{"rendered":"\n<p>\u00a1Bienvenido a kanziapple.com! Gracias por tu inter\u00e9s en nuestras manzanas Kanzi\u00ae y en nuestra empresa en general. Te garantizamos un servicio al m\u00e1s alto nivel. Por ello, la protecci\u00f3n de tus datos personales es nuestra mayor preocupaci\u00f3n. Tomamos todas las precauciones necesarias para proteger tus datos personales y para garantizarte que puedes seguir confi\u00e1ndonos tus datos personales. Por ello, siempre tratamos tus datos personales de forma segura y confidencial. Se han tomado todas las medidas de protecci\u00f3n razonables para evitar p\u00e9rdidas, alteraciones, accesos de personas no autorizadas a obtener acceso, difusi\u00f3n accidental entre terceros y\/o cualquier otro tratamiento il\u00edcito o ileg\u00edtimo de los datos personales recogidos.      <\/p>\n\n<p><strong>\u00bfQui\u00e9nes somos?<\/strong><\/p>\n\n<p>Kanzi\u00ae es una marca registrada de EFC NV, sociedad an\u00f3nima con domicilio social en Kernielerweg 59E, 3840 Tongeren-Borgloon, y registrada con el n\u00famero de empresa 0866.302.050 (en lo sucesivo, \u00abEFC\u00bb, \u00abnosotros\u00bb o \u00abnos\u00bb).<\/p>\n\n<p>Puedes ponerte en contacto con nosotros a trav\u00e9s de los siguientes datos de contacto:<\/p>\n\n<p>EFC CV<br\/>Kernielerweg 59E<br\/>B-3840 Tongeren-Borgloon<br\/>Belgium<br\/>Tel.: +32-(0)12-339900<br\/><a href=\"mailto:contact@kanziapple.com\">contact@kanziapple.com<\/a><\/p>\n\n<p>Tus datos personales solo ser\u00e1n tratados de conformidad con las disposiciones legales vigentes y aplicables relativas a la protecci\u00f3n de datos personales, incluido el Regulation (EU) 2016\/679 of 27 April 2016 on the protection of natural persons with regard to the processing of personal data and on the free movement of such data, and repealing Directive 95\/46\/EC (en adelante, el \u201cGDPR\u201d), as\u00ed como la legislaci\u00f3n nacional de aplicaci\u00f3n.<\/p>\n\n<p><strong>Aclaraci\u00f3n de los t\u00e9rminos utilizados<\/strong><\/p>\n\n<p>A efectos de esta declaraci\u00f3n de privacidad, el concepto de \u00abdatos personales\u00bb se refiere a: <em>cualquier informaci\u00f3n relativa a una persona f\u00edsica identificada o identificable (el \u00abinteresado\u00bb).<\/em> Una persona f\u00edsica se considerar\u00e1 \u00abidentificable\u00bb si puede ser identificada de forma directa o indirecta, en particular por referencia a un identificador como un nombre, un n\u00famero de identificaci\u00f3n, datos de localizaci\u00f3n, un identificador en l\u00ednea o a uno o m\u00e1s factores espec\u00edficos de la identidad f\u00edsica, fisiol\u00f3gica, gen\u00e9tica, mental, econ\u00f3mica, cultural o social de dicha persona f\u00edsica. Por lo tanto, debe tenerse en cuenta toda la informaci\u00f3n que permita identificar a una persona f\u00edsica. Es decir: se tienen en cuenta, entre otros, el nombre, la fecha de nacimiento, la direcci\u00f3n, el n\u00famero de tel\u00e9fono, la direcci\u00f3n de correo electr\u00f3nico y la direcci\u00f3n IP de la persona.  <\/p>\n\n<p>El t\u00e9rmino \u00abtratamiento\u00bb tiene un amplio alcance y se refiere <em>, entre otras cosas<\/em>, a la recogida, registro, organizaci\u00f3n, estructuraci\u00f3n, almacenamiento, adaptaci\u00f3n o alteraci\u00f3n, recuperaci\u00f3n, consulta, uso, revelaci\u00f3n por transmisi\u00f3n, difusi\u00f3n o cualquier otra forma de puesta a disposici\u00f3n, alineaci\u00f3n o combinaci\u00f3n, restricci\u00f3n, supresi\u00f3n o destrucci\u00f3n de datos personales.<\/p>\n\n<p><strong>Responsable del tratamiento de tus datos personales (\u00abresponsable del tratamiento\u00bb):<\/strong><\/p>\n\n<p>EFC es la persona jur\u00eddica responsable del tratamiento de tus datos personales. Esto significa que nosotros determinamos los fines y los medios del tratamiento de tus datos personales. <\/p>\n\n<p><strong>\u00bfCu\u00e1ndo recogemos tus datos personales?<\/strong><\/p>\n\n<p>Los momentos en los que recopilamos tus datos personales incluyen:<\/p>\n\n<ul class=\"wp-block-list\">\n<li>Las veces que visitas nuestro sitio web;<\/li>\n\n\n\n<li>Cuando nos facilitas tus datos de contacto a trav\u00e9s del formulario de contacto de nuestro sitio web;<\/li>\n\n\n\n<li>Cuando te conviertas o pretendas convertirte en cliente o socio autorizado de EFC;<\/li>\n\n\n\n<li>Cuando concluyas un acuerdo con nosotros;<\/li>\n\n\n\n<li>Cuando incluyas o pretendas incluir nuestras manzanas Kanzi\u00ae en tu gama de productos<\/li>\n\n\n\n<li>Cuando te registres como cultivador;<\/li>\n\n\n\n<li>Cuando participes en nuestros concursos \u00abjuega y gana\u00bb;<\/li>\n\n\n\n<li>Cuando te pongas en contacto con nuestro servicio de atenci\u00f3n al cliente (por ejemplo, por tel\u00e9fono o correo electr\u00f3nico)<\/li>\n<\/ul>\n\n<p>Adem\u00e1s, nuestros sistemas inform\u00e1ticos procesan determinados datos personales de forma autom\u00e1tica. Utilizamos cookies cuando visitas nuestros sitios web. Las cookies son peque\u00f1os archivos que contienen cierta informaci\u00f3n y que se guardan en tu tableta o dispositivo m\u00f3vil para, entre otras cosas, mejorar la usabilidad de nuestro sitio web de la manera m\u00e1s \u00f3ptima. Sin embargo, en cualquier momento puedes eliminar o desactivar todas las cookies instaladas en tu dispositivo a trav\u00e9s de la configuraci\u00f3n de tu navegador. Ten en cuenta que si modificas la configuraci\u00f3n de tus cookies, es posible que nuestro sitio web deje de funcionar correctamente. Si deseas obtener m\u00e1s informaci\u00f3n sobre este tema, no dudes en consultar nuestra <a href=\"https:\/\/www.kanziapple.com\/es\/legal\/cookie-policy\/\">pol\u00edtica de cookies<\/a>. Para obtener m\u00e1s informaci\u00f3n sobre las \u00abcookies\u00bb en general, dir\u00edgete al siguiente sitio web: <a href=\"http:\/\/www.allaboutcookies.org\/\">www.allaboutcookies.org.<\/a>      <\/p>\n\n<p>En principio, no pretendemos recopilar datos personales de personas menores de 16 a\u00f1os. Las personas menores de 16 a\u00f1os no pueden proporcionarnos sus datos personales o una declaraci\u00f3n de consentimiento sin proporcionar el consentimiento de las personas que tienen la responsabilidad parental de dichas personas. <\/p>\n\n<p><strong>\u00bfQu\u00e9 datos personales tratamos, por qu\u00e9 y con qu\u00e9 fundamento jur\u00eddico?<\/strong><\/p>\n\n<p>En el cuadro que figura a continuaci\u00f3n se indican las categor\u00edas de datos personales que tratamos (columna 1), el motivo del tratamiento (los \u00abfines\u00bb &#8211; columna 2) y la base jur\u00eddica de dicho tratamiento (columna 3).<\/p>\n\n<p>El tratamiento de datos personales s\u00f3lo tendr\u00e1 lugar para uno o varios fines espec\u00edficos.<\/p>\n\n<p>Adem\u00e1s, siempre existe una base jur\u00eddica demostrable para cada tratamiento de datos personales. La numeraci\u00f3n utilizada en la columna \u00abbase jur\u00eddica\u00bb tiene el siguiente significado: <\/p>\n\n<ol class=\"wp-block-list\">\n<li>has dado tu <strong>consentimiento<\/strong> para el tratamiento de datos personales para uno o varios fines espec\u00edficos;<\/li>\n\n\n\n<li>el tratamiento de los datos personales es necesario para la <strong>ejecuci\u00f3n de un contrato<\/strong> del que eres parte contratante;<\/li>\n\n\n\n<li>el tratamiento es necesario para el cumplimiento de una <strong>obligaci\u00f3n legal<\/strong> a la que est\u00e1 sujeto el responsable del tratamiento;<\/li>\n\n\n\n<li>el tratamiento es necesario a efectos de los <strong>intereses leg\u00edtimos<\/strong> perseguidos por el responsable del tratamiento o por un tercero, salvo que prevalezcan sobre dichos intereses los intereses o los derechos y libertades fundamentales del interesado que requieran la protecci\u00f3n de los datos personales.<\/li>\n<\/ol>\n\n<table>\n  <thead>\n    <tr>\n      <th>Categor\u00edas de datos personales<\/th>\n<th>Finalidades<\/th>\n<th>Base jur\u00eddica<\/th>\n    <\/tr>\n  <\/thead>\n  <tbody>\n    <tr>\n      <td>Datos de identificaci\u00f3n y contacto (nombre de usuario, direcci\u00f3n de correo electr\u00f3nico, configuraci\u00f3n de idioma)<\/td>\n<td>Ejecuci\u00f3n del acuerdo contigo y prestaci\u00f3n de nuestros servicios<\/td>\n<td>Acuerdo<\/td>\n    <\/tr>\n    <tr>\n      <td>Datos de identificaci\u00f3n y contacto (nombre, direcci\u00f3n, n\u00famero de tel\u00e9fono, fecha de nacimiento, datos de pago)<\/td>\n<td>Tramitaci\u00f3n de pedidos, atenci\u00f3n al cliente<\/td>\n<td>Acuerdo<\/td>\n    <\/tr>\n    <tr>\n      <td>Datos de identificaci\u00f3n y contacto (nombre, direcci\u00f3n de correo electr\u00f3nico)<\/td>\n<td>Env\u00edo de boletines a los cultivadores<\/td>\n<td>Consentimiento<\/td>\n    <\/tr>\n    <tr>\n      <td>Datos de identificaci\u00f3n y contacto (nombre, direcci\u00f3n, n\u00famero de tel\u00e9fono, fecha de nacimiento, datos de pago)<\/td>\n<td>Gesti\u00f3n de concursos<\/td>\n<td>Acuerdo<\/td>\n    <\/tr>\n    <tr>\n      <td>Datos de identificaci\u00f3n y contacto (nombre, direcci\u00f3n, n\u00famero de tel\u00e9fono, direcci\u00f3n de correo electr\u00f3nico)<\/td>\n<td>Tramitaci\u00f3n de las solicitudes de contacto<\/td>\n<td>Acuerdo<\/td>\n    <\/tr>\n    <tr>\n      <td>Datos de identificaci\u00f3n y contacto (nombre, direcci\u00f3n, n\u00famero de tel\u00e9fono, direcci\u00f3n de correo electr\u00f3nico)<\/td>\n<td>Env\u00edo de informaci\u00f3n sobre productos o servicios similares a los ya adquiridos<\/td>\n<td>Intereses leg\u00edtimos<\/td>\n    <\/tr>\n    <tr>\n      <td>Datos de identificaci\u00f3n y contacto (nombre, direcci\u00f3n, n\u00famero de tel\u00e9fono, direcci\u00f3n de correo electr\u00f3nico)<\/td>\n<td>Proporcionar informaci\u00f3n cuando sea legalmente necesario<\/td>\n<td>Obligaci\u00f3n legal<\/td>\n    <\/tr>\n    <tr>\n      <td>Datos t\u00e9cnicos (direcci\u00f3n IP, ID del dispositivo, n\u00famero IMEI, tipo de navegador, sistema operativo, comportamiento al hacer clic)<\/td>\n<td>Mejorar nuestro sitio web, servicios y productos, y prevenir el fraude<\/td>\n<td>Intereses leg\u00edtimos<\/td>\n    <\/tr>\n  <\/tbody>\n<\/table>\n\n<p><strong>Tus derechos de privacidad<\/strong><\/p>\n\n<p>Para darte un mayor control sobre el tratamiento de los datos personales, tienes varios derechos a tu disposici\u00f3n. Estos derechos se tratan y se establecen, <em>entre otros,<\/em> en los art\u00edculos 15-22 del GDPR. <\/p>\n\n<p>Tienes los siguientes derechos:<\/p>\n\n<ul class=\"wp-block-list\">\n<li>Derecho de acceso a los datos personales tratados (art. 15 GDPR):<\/li>\n<\/ul>\n\n<p>Tienes derecho a obtener nuestra confirmaci\u00f3n acerca de si se est\u00e1n tratando o no tus datos personales y, en tal caso, a obtener acceso a los datos personales y a la siguiente informaci\u00f3n:<\/p>\n\n<ol class=\"wp-block-list\">\n<li>Los fines del tratamiento;<\/li>\n\n\n\n<li>Las categor\u00edas de datos personales afectadas;<\/li>\n\n\n\n<li>Los destinatarios o categor\u00edas de destinatarios a los que se han comunicado o se comunicar\u00e1n los datos personales, en particular destinatarios en terceros pa\u00edses u organizaciones internacionales;<\/li>\n\n\n\n<li>Cuando sea posible, el per\u00edodo previsto durante el cual se almacenar\u00e1n los datos personales o, si no es posible, los criterios utilizados para determinar dicho per\u00edodo;<\/li>\n\n\n\n<li>La existencia del derecho a solicitar al responsable del tratamiento la rectificaci\u00f3n o supresi\u00f3n de los datos personales o la limitaci\u00f3n del tratamiento de los datos personales relativos al interesado, o a oponerse a dicho tratamiento;<\/li>\n\n\n\n<li>derecho a presentar una reclamaci\u00f3n ante una autoridad de control;<\/li>\n\n\n\n<li>cuando los datos personales no se recojan del interesado, cualquier informaci\u00f3n disponible sobre su origen;<\/li>\n\n\n\n<li>la existencia de una toma de decisiones automatizada.<\/li>\n<\/ol>\n\n<p>En caso de que no podamos proporcionarte acceso a los datos personales (por ejemplo, en caso de obligaci\u00f3n legal de restringir al interesado el acceso a dicha informaci\u00f3n), te informaremos de los motivos de dicha imposibilidad.<\/p>\n\n<p>Adem\u00e1s, tambi\u00e9n puedes solicitar gratuitamente una copia de los datos personales objeto de tratamiento. Sin embargo, ten en cuenta que tenemos derecho a cobrar una tarifa razonable basada en los costes administrativos por cada copia adicional que solicites. <\/p>\n\n<ul class=\"wp-block-list\">\n<li>El derecho al olvido o a solicitar la supresi\u00f3n de datos personales (art. 17 GDPR) <\/li>\n<\/ul>\n\n<p>En determinados casos, puedes solicitarnos que borremos tus datos personales. Ten en cuenta, sin embargo, que en tal circunstancia no podremos seguir prest\u00e1ndote nuestros servicios. Adem\u00e1s, te rogamos que tengas en cuenta que el \u00abderecho al olvido\u00bb no es un derecho absoluto. Tendremos derecho a seguir almacenando tus datos personales, entre otros, en los siguientes casos: (i) cuando dicho almacenamiento sea necesario para la ejecuci\u00f3n de un contrato del que seas parte contratante, (ii) cuando dicho almacenamiento sea necesario para el cumplimiento de una obligaci\u00f3n legal, o (iii) cuando dicho almacenamiento sea necesario para el establecimiento, ejercicio o defensa de reclamaciones legales. Te informaremos de los motivos del almacenamiento de tus datos personales en nuestra respuesta a tu solicitud de supresi\u00f3n.       <\/p>\n\n<ul class=\"wp-block-list\">\n<li>El derecho de rectificaci\u00f3n (art. 16 GDPR):<\/li>\n<\/ul>\n\n<p>En caso de que tus datos personales sean inexactos, obsoletos o incompletos, puedes solicitarnos que los rectifiquemos o completemos.<\/p>\n\n<ul class=\"wp-block-list\">\n<li>El derecho a la portabilidad de los datos (art. 20 GDPR):<\/li>\n<\/ul>\n\n<p>En determinadas condiciones, tambi\u00e9n tendr\u00e1s derecho a solicitarnos que transmitamos los datos personales que nos hayas facilitado y para los que nos hayas dado tu consentimiento, a otro responsable del tratamiento. Transmitiremos dichos datos personales directamente al nuevo responsable del tratamiento en la medida en que dicha transmisi\u00f3n sea t\u00e9cnicamente factible. <\/p>\n\n<ul class=\"wp-block-list\">\n<li>Derecho a la limitaci\u00f3n del tratamiento (art. 18 GDPR):<\/li>\n<\/ul>\n\n<p>Tendr\u00e1s derecho a obtener la restricci\u00f3n del tratamiento cuando se aplique uno de los siguientes supuestos:<\/p>\n\n<ol class=\"wp-block-list\">\n<li>Impugnas la exactitud de los datos personales (en tal caso, el uso de los datos personales se limitar\u00e1 durante un periodo que nos permita verificar la exactitud de los datos personales);<\/li>\n\n\n\n<li>El tratamiento de los datos personales es il\u00edcito;<\/li>\n\n\n\n<li>Ya no necesitamos los datos personales para los fines del tratamiento, pero t\u00fa los necesitas para el establecimiento, ejercicio o defensa de reclamaciones legales;<\/li>\n\n\n\n<li>A la espera de comprobar si los motivos leg\u00edtimos para el tratamiento de los datos personales prevalecen sobre los del interesado, puedes solicitarnos que limitemos el uso de los datos personales.<\/li>\n<\/ol>\n\n<ul class=\"wp-block-list\">\n<li>El derecho de oposici\u00f3n (art. 21 GDPR):<\/li>\n<\/ul>\n\n<p>Tienes derecho a oponerte, por motivos relacionados con tu situaci\u00f3n particular, al tratamiento de tus datos personales en caso de que dicho tratamiento se realice para el cumplimiento de una misi\u00f3n de inter\u00e9s p\u00fablico o para la satisfacci\u00f3n de intereses leg\u00edtimos perseguidos por nosotros. En tal caso, dejaremos de tratar los datos personales, salvo que (i) existan motivos leg\u00edtimos imperiosos para el tratamiento que prevalezcan sobre tus intereses, derechos y libertades, o (ii) el tratamiento de los datos personales se realice para el reconocimiento, ejercicio o defensa de reclamaciones judiciales.   <\/p>\n\n<ul class=\"wp-block-list\">\n<li>Decisiones individuales automatizadas, incluida la elaboraci\u00f3n de perfiles (art. 22 GDPR):<\/li>\n<\/ul>\n\n<p>Tienes derecho a no ser objeto de una decisi\u00f3n basada \u00fanicamente en un tratamiento automatizado, incluida la elaboraci\u00f3n de perfiles, que produzca efectos jur\u00eddicos o que pueda afectarte significativamente de manera similar.<\/p>\n\n<p>Sin embargo, ese derecho no puede invocarse en las siguientes circunstancias:<\/p>\n\n<ol class=\"wp-block-list\">\n<li>Si la decisi\u00f3n est\u00e1 autorizada por la ley (por ejemplo: para evitar el fraude fiscal);<\/li>\n\n\n\n<li>Si la decisi\u00f3n se basa en el consentimiento expl\u00edcito del interesado; o<\/li>\n\n\n\n<li>Si la decisi\u00f3n es necesaria para la celebraci\u00f3n o ejecuci\u00f3n de un contrato entre el interesado y el responsable del tratamiento (ten en cuenta que, en tales casos, siempre evaluaremos caso por caso si pueden aplicarse m\u00e9todos menos intrusivos en la privacidad para facilitar la celebraci\u00f3n o ejecuci\u00f3n del contrato).<\/li>\n<\/ol>\n\n<ul class=\"wp-block-list\">\n<li>El derecho a retirar su consentimiento (art. 7 GDPR):<\/li>\n<\/ul>\n\n<p>Cuando el tratamiento de datos personales se base en el consentimiento, tendr\u00e1s derecho a retirar dicho consentimiento en cualquier momento mediante una simple solicitud.<\/p>\n\n<p><strong>El ejercicio de tus derechos<\/strong><\/p>\n\n<p>Para ejercer los derechos enumerados anteriormente, puedes ponerte en contacto con nosotros por correo electr\u00f3nico en la siguiente direcci\u00f3n <a href=\"mailto:contact@kanziapple.com\">contact@kanziapple.com.<\/a> Para verificar tu identidad, te pedimos que adjuntes a tu correo electr\u00f3nico una copia del anverso de tu documento de identidad. <\/p>\n\n<p>Todos los derechos pueden ejercerse gratuitamente, salvo que tu solicitud sea manifiestamente infundada o desproporcionada (por ejemplo: debido al car\u00e1cter repetitivo de tu solicitud). En tales casos, tenemos derecho a cobrarte una tasa proporcional o a negarnos a acceder a tu solicitud. <\/p>\n\n<p><strong>Transmisi\u00f3n de datos personales a terceros<\/strong><\/p>\n\n<p>Tus datos personales s\u00f3lo se transferir\u00e1n a terceros de conformidad con las disposiciones legales al respecto, cuando nos hayas dado tu consentimiento para ello, o cuando dicha transferencia sea necesaria para garantizar la prestaci\u00f3n de nuestros servicios (sobre la base de nuestros intereses leg\u00edtimos). No se transferir\u00e1n datos personales a terceros bajo ninguna otra circunstancia, a menos que estemos obligados a hacerlo sobre la base de disposiciones legales o reglamentarias obligatorias (por ejemplo: la transferencia de datos personales a organismos o autoridades externas, como las autoridades policiales). <\/p>\n\n<p><strong>Categor\u00edas de destinatarios<\/strong><\/p>\n\n<p>Nos aseguramos de que los datos personales s\u00f3lo sean accesibles dentro de nuestra empresa a aquellas personas que necesiten acceder a los datos personales para cumplir con las obligaciones contractuales y legales.<\/p>\n\n<p>En algunas circunstancias, nuestros empleados y personal son asistidos por proveedores de servicios externos en la ejecuci\u00f3n de sus tareas. Con el fin de proteger tus datos personales, hemos concluido un acuerdo con todos estos proveedores de servicios externos para garantizar una gesti\u00f3n y administraci\u00f3n segura, respetuosa y prudente de tus datos personales. <\/p>\n\n<p><strong>Transferencia de datos personales a terceros pa\u00edses<\/strong><\/p>\n\n<p>Tus datos personales s\u00f3lo se transferir\u00e1n o divulgar\u00e1n a procesadores o controladores de terceros pa\u00edses en la medida en que estemos legalmente autorizados a hacerlo.<\/p>\n\n<p>En la medida en que dicha divulgaci\u00f3n o transferencia sea necesaria, tomaremos las medidas adecuadas para garantizar que tus datos personales est\u00e9n significativamente protegidos y que todas las divulgaciones o transferencias de datos personales fuera del EEE se realicen de forma legal y leg\u00edtima. En el caso de que se produzca una revelaci\u00f3n o transferencia a un pa\u00eds fuera del EEE, para el que la Comisi\u00f3n Europea no haya determinado que dicho pa\u00eds no mantiene un nivel equivalente de protecci\u00f3n de los datos personales, dicha revelaci\u00f3n o transferencia estar\u00e1 siempre sujeta a instrumentos contractuales u otros instrumentos legalmente vinculantes que se rijan por los t\u00e9rminos y condiciones para la transferencia de datos personales a terceros pa\u00edses, como los t\u00e9rminos y disposiciones est\u00e1ndar aprobados para la transferencia de datos personales a terceros pa\u00edses seg\u00fan lo establecido por la Comisi\u00f3n Europea. <\/p>\n\n<p>Puedes consultar las cl\u00e1usulas y disposiciones tipo aprobadas por la Comisi\u00f3n Europea a trav\u00e9s del siguiente hiperenlace: <a href=\"https:\/\/ec.europa.eu\/info\/law\/law-topic\/data-protection\/data-transfers-outside-eu\/model-contracts-transfer-personal-data-third-countries_en\">https:\/\/ec.europa.eu\/info\/law\/law-topic\/data-protection\/data-transfers-outside-eu\/model-contracts-transfer-personal-data-third-countries_en.<\/a><\/p>\n\n<p><strong>Protecci\u00f3n de tus datos personales<\/strong><\/p>\n\n<p>Hemos tomado todas las medidas t\u00e9cnicas y organizativas razonables y adecuadas para proteger tus datos personales lo mejor posible contra la destrucci\u00f3n accidental o ilegal, la p\u00e9rdida, la alteraci\u00f3n, la divulgaci\u00f3n no autorizada o el acceso a los datos personales. As\u00ed, almacenamos tus datos personales en un lugar central y seguro de nuestro servidor para garantizar que terceros no tengan acceso a tus datos personales. <\/p>\n\n<p><strong>Almacenamiento de datos personales<\/strong><\/p>\n\n<p>Almacenamos tus datos personales durante el per\u00edodo de tiempo necesario para lograr el fin para el que se procesan dichos datos personales. Ten en cuenta que debemos tener en cuenta una serie de periodos (legales) de almacenamiento (plazos) que nos obligan a seguir almacenando tus datos personales. En caso de que no exista ninguna obligaci\u00f3n o deber de almacenar los datos personales, \u00e9stos se borrar\u00e1n y destruir\u00e1n de forma rutinaria una vez que se haya alcanzado el fin para el que se recogieron.  <\/p>\n\n<p>Adem\u00e1s, podemos almacenar tus datos personales si nos has dado tu consentimiento para ello o cuando dicho almacenamiento sea necesario para el establecimiento, ejercicio o defensa de reclamaciones legales. En este \u00faltimo caso, determinados datos personales se utilizar\u00e1n con fines probatorios. Por tanto, dichos datos personales se almacenar\u00e1n de acuerdo con el plazo de prescripci\u00f3n legal, que puede ascender hasta un periodo de treinta a\u00f1os; lo habitual,  <\/p>\n\n<p><strong>\u00bfQuejas?<\/strong><\/p>\n\n<p>La protecci\u00f3n de tus datos personales es nuestra principal preocupaci\u00f3n. Por ello, nuestro objetivo es tomar todas las medidas necesarias para garantizar la protecci\u00f3n de tus datos personales. Si tienes alguna queja sobre la forma en que se procesan tus datos personales, no dudes en ponerte en contacto con nosotros. Intentaremos estar a la altura de tus expectativas y responder a tus preocupaciones lo antes posible.   <\/p>\n\n<p>Tambi\u00e9n puedes presentar tu reclamaci\u00f3n ante la autoridad supervisora en materia de protecci\u00f3n de datos personales. La autoridad asignada para supervisar nuestra organizaci\u00f3n es la Autoridad de Protecci\u00f3n de Datos: <\/p>\n\n<p><strong>Website:<br\/><\/strong><a href=\"https:\/\/www.dataprotectionauthority.be\/\">https:\/\/www.dataprotectionauthority.be\/<br\/><\/a><strong>Contact details:<br\/><\/strong>Data Protection Authority<br\/>Rue de la Presse 35, 1000 Brussels<br\/>Phone: +32 (0)2 274 48 00<br\/>Fax: +32 (0)2 274 48 35<br\/><a href=\"mailto:contact@apd-gba.be\">contact@apd-gba.be<\/a><\/p>\n\n<p><strong>\u00bfTiene alguna otra pregunta?<\/strong><\/p>\n\n<p>No dudes en ponerte en contacto con nosotros por tel\u00e9fono, correo electr\u00f3nico o carta. Estaremos encantados de ayudarte. <\/p>\n\n<p>EFC<br\/>Kernielerweg 59E<br\/>B-3840 Tongeren-Borgloon<br\/>Belgium<br\/>Tel.: +32-(0)12-339900<\/p>\n\n<p><a href=\"mailto:contact@kanziapple.com\">contact@kanziapple.com<\/a><\/p>\n\n<p><strong>Enmiendas<\/strong><\/p>\n\n<p>Con el fin de tomar medidas sobre la base de tus comentarios o para aclarar los cambios realizados en nuestras actividades de procesamiento, esta pol\u00edtica de privacidad puede ser modificada de vez en cuando. Por lo tanto, te invitamos a consultar la \u00faltima versi\u00f3n de esta pol\u00edtica en nuestro sitio web. <\/p>\n\n<p><\/p>\n","protected":false},"template":"","class_list":["post-2388","legal","type-legal","status-publish","hentry"],"_links":{"self":[{"href":"https:\/\/www.kanziapple.com\/es\/wp-json\/wp\/v2\/legal\/2388","targetHints":{"allow":["GET"]}}],"collection":[{"href":"https:\/\/www.kanziapple.com\/es\/wp-json\/wp\/v2\/legal"}],"about":[{"href":"https:\/\/www.kanziapple.com\/es\/wp-json\/wp\/v2\/types\/legal"}],"wp:attachment":[{"href":"https:\/\/www.kanziapple.com\/es\/wp-json\/wp\/v2\/media?parent=2388"}],"curies":[{"name":"wp","href":"https:\/\/api.w.org\/{rel}","templated":true}]}}