{"id":2364,"date":"2025-08-25T10:23:47","date_gmt":"2025-08-25T08:23:47","guid":{"rendered":"https:\/\/www.kanziapple.com\/legal\/datenschutzbestimmungen\/"},"modified":"2026-01-08T17:32:00","modified_gmt":"2026-01-08T16:32:00","slug":"datenschutzbestimmungen","status":"publish","type":"legal","link":"https:\/\/www.kanziapple.com\/de\/legal\/datenschutzbestimmungen\/","title":{"rendered":"Datenschutzbestimmungen"},"content":{"rendered":"\n<p>\/Willkommen bei kanziapple.com! Vielen Dank f\u00fcr Ihr Interesse an unseren Kanzi\u00ae-\u00c4pfeln und an unserem Unternehmen im Allgemeinen. Wir garantieren Ihnen einen Service auf h\u00f6chstem Niveau. Der Schutz Ihrer pers\u00f6nlichen Daten ist daher unser gr\u00f6\u00dftes Anliegen. Wir treffen alle notwendigen Vorkehrungen, um Ihre pers\u00f6nlichen Daten zu sch\u00fctzen und um sicherzustellen, dass Sie uns auch weiterhin Ihre pers\u00f6nlichen Daten anvertrauen k\u00f6nnen. Daher behandeln wir Ihre pers\u00f6nlichen Daten stets auf sichere und vertrauliche Weise. Es wurden alle angemessenen Schutzma\u00dfnahmen ergriffen, um den Verlust, die Ver\u00e4nderung, den Zugriff durch nicht zugriffsberechtigte Personen, die versehentliche Weitergabe an Dritte und\/oder jede andere unrechtm\u00e4\u00dfige oder unzul\u00e4ssige Verarbeitung der erfassten personenbezogenen Daten zu verhindern.      <\/p>\n\n<p><strong>Wer sind wir?<\/strong><\/p>\n\n<p>Kanzi\u00ae ist eine eingetragene Marke von EFC NV, einer Aktiengesellschaft mit Sitz im Kernielerweg 59, 3840 Borgloon, und eingetragen unter der Firmennummer 0866.302.050 (im Folgenden als &#8222;EFC&#8220;, &#8222;wir&#8220; oder &#8222;uns&#8220; bezeichnet).<\/p>\n\n<p>Sie k\u00f6nnen uns unter den folgenden Kontaktdaten erreichen:<\/p>\n\n<p>EFC CV<br\/>Kernielerweg 59E<br\/>B-3840 Tongeren-Borgloon<br\/>Belgien<br\/>Tel.: +32-(0)12-339900<br\/><a href=\"mailto:contact@kanziapple.com\">contact@kanziapple.com<\/a><\/p>\n\n<p>Ihre personenbezogenen Daten werden nur in \u00dcbereinstimmung mit den bestehenden und anwendbaren gesetzlichen Bestimmungen zum Schutz personenbezogener Daten verarbeitet, einschlie\u00dflich der Verordnung (EU) 2016\/679 vom 27. April 2016 zum Schutz nat\u00fcrlicher Personen bei der Verarbeitung personenbezogener Daten und zum freien Datenverkehr und zur Aufhebung der Richtlinie 95\/46\/EG (im Folgenden &#8222;DSGVO&#8220; genannt) und der nationalen Umsetzungsvorschriften.<\/p>\n\n<p><strong>Kl\u00e4rung der verwendeten Begriffe<\/strong><\/p>\n\n<p>F\u00fcr die Zwecke dieser Datenschutzerkl\u00e4rung bezieht sich der Begriff &#8222;personenbezogene Daten&#8220; auf <em>alle Informationen, die sich auf eine identifizierte oder identifizierbare nat\u00fcrliche Person (die &#8222;betroffene Person&#8220;) beziehen.<\/em> Als &#8222;bestimmbar&#8220; wird eine nat\u00fcrliche Person angesehen, die direkt oder indirekt identifiziert werden kann, insbesondere durch Zuordnung zu einer Kennung wie einem Namen, zu einer Kennnummer, zu Standortdaten, zu einer Online-Kennung oder zu einem oder mehreren besonderen Merkmalen, die Ausdruck der physischen, physiologischen, genetischen, psychischen, wirtschaftlichen, kulturellen oder sozialen Identit\u00e4t dieser nat\u00fcrlichen Person sind. Daher m\u00fcssen alle Informationen, anhand derer eine nat\u00fcrliche Person identifiziert werden kann, in Betracht gezogen werden. D.h.: unter anderem werden der Name, das Geburtsdatum, die Adresse, die Telefonnummer, die E-Mail-Adresse und die IP-Adresse der Person ber\u00fccksichtigt.  <\/p>\n\n<p>Der Begriff &#8222;Verarbeitung&#8220; ist weit gefasst und bezieht sich <em>unter anderem<\/em> auf das Erheben, das Erfassen, die Organisation, die Strukturierung, die Speicherung, die Anpassung oder Ver\u00e4nderung, das Auslesen, das Abfragen, die Verwendung, die Offenlegung durch \u00dcbermittlung, Verbreitung oder eine andere Form der Bereitstellung, den Abgleich oder die Verkn\u00fcpfung, die Einschr\u00e4nkung, das L\u00f6schen oder die Vernichtung von personenbezogenen Daten.<\/p>\n\n<p><strong>Die f\u00fcr die Verarbeitung Ihrer pers\u00f6nlichen Daten verantwortliche Person (&#8222;Controller&#8220;):<\/strong><\/p>\n\n<p>EFC ist die juristische Person, die f\u00fcr die Verarbeitung Ihrer pers\u00f6nlichen Daten verantwortlich ist. Das bedeutet, dass wir die Zwecke und Mittel der Verarbeitung Ihrer personenbezogenen Daten bestimmen. <\/p>\n\n<p><strong>Wann erheben wir Ihre pers\u00f6nlichen Daten?<\/strong><\/p>\n\n<p>Die Momente, in denen wir Ihre pers\u00f6nlichen Daten sammeln, umfassen:<\/p>\n\n<ul class=\"wp-block-list\">\n<li>Die Zeiten, zu denen Sie unsere Website besuchen;<\/li>\n\n\n\n<li>Wenn Sie uns Ihre Kontaktdaten \u00fcber das Kontaktformular auf unserer Website mitteilen;<\/li>\n\n\n\n<li>Wenn Sie ein Kunde oder lizenzierter Partner von EFC werden oder dies anstreben;<\/li>\n\n\n\n<li>Wenn Sie einen Vertrag mit uns abschlie\u00dfen;<\/li>\n\n\n\n<li>Wenn Sie unsere Kanzi\u00ae-\u00c4pfel in Ihre Produktpalette aufnehmen oder aufnehmen wollen<\/li>\n\n\n\n<li>Wenn Sie sich als Z\u00fcchter registrieren;<\/li>\n\n\n\n<li>Wenn Sie an unseren &#8218;play&amp;win&#8216;-Wettbewerben teilnehmen;<\/li>\n\n\n\n<li>Wenn Sie unseren Kundenservice kontaktieren (z.B. per Telefon oder E-Mail)<\/li>\n<\/ul>\n\n<p>Au\u00dferdem verarbeiten unsere IT-Systeme bestimmte personenbezogene Daten auf automatischer Basis. Wir verwenden Cookies, wenn Sie unsere Websites besuchen. Cookies sind kleine Dateien, die bestimmte Informationen enthalten und auf Ihrem Tablet oder Mobilger\u00e4t gespeichert werden, um u.a. die Benutzerfreundlichkeit unserer Website optimal zu gestalten. Sie k\u00f6nnen jedoch jederzeit alle auf Ihrem Ger\u00e4t installierten Cookies \u00fcber die Einstellungen Ihres Browsers l\u00f6schen oder ausschalten. Bitte beachten Sie, dass durch die \u00c4nderung Ihrer Cookie-Einstellungen unsere Website m\u00f6glicherweise nicht mehr ordnungsgem\u00e4\u00df funktioniert. Wenn Sie weitere Informationen zu diesem Thema w\u00fcnschen, k\u00f6nnen Sie gerne unsere <a href=\"https:\/\/www.kanziapple.com\/de\/cookie-policy\/\">Cookie-Richtlinie<\/a> einsehen. Weitere Informationen \u00fcber &#8222;Cookies&#8220; im Allgemeinen finden Sie auf folgender Website: <a href=\"http:\/\/www.allaboutcookies.org\/\">www.allaboutcookies.org.<\/a>      <\/p>\n\n<p>Grunds\u00e4tzlich ist es nicht unser Ziel, personenbezogene Daten von Personen zu sammeln, die j\u00fcnger als 16 Jahre alt sind. Personen, die j\u00fcnger als 16 Jahre alt sind, k\u00f6nnen uns ihre personenbezogenen Daten oder eine Einverst\u00e4ndniserkl\u00e4rung nicht zur Verf\u00fcgung stellen, ohne die Zustimmung der Personen vorzulegen, die die elterliche Verantwortung f\u00fcr diese Personen tragen. <\/p>\n\n<p><strong>Welche personenbezogenen Daten verarbeiten wir, warum und auf welcher Rechtsgrundlage?<\/strong><\/p>\n\n<p>Die nachstehende Tabelle zeigt, welche Kategorien personenbezogener Daten von uns verarbeitet werden (Spalte 1), warum diese personenbezogenen Daten verarbeitet werden (die &#8222;Zwecke&#8220; &#8211; Spalte 2) und auf welcher Rechtsgrundlage diese Verarbeitung erfolgt (Spalte 3).<\/p>\n\n<p>Die Verarbeitung personenbezogener Daten darf nur f\u00fcr einen oder mehrere bestimmte Zwecke erfolgen.<\/p>\n\n<p>Au\u00dferdem gibt es immer eine nachweisbare Rechtsgrundlage f\u00fcr jede Verarbeitung personenbezogener Daten. Die in der Spalte &#8222;Rechtsgrundlage&#8220; verwendete Nummerierung hat folgende Bedeutung: <\/p>\n\n<ol class=\"wp-block-list\">\n<li>Sie haben Ihre <strong>Zustimmung<\/strong> zur Verarbeitung personenbezogener Daten f\u00fcr einen oder mehrere bestimmte Zwecke gegeben;<\/li>\n\n\n\n<li>die Verarbeitung der personenbezogenen Daten f\u00fcr die <strong>Erf\u00fcllung eines Vertrages<\/strong> erforderlich ist, dessen Vertragspartei Sie sind;<\/li>\n\n\n\n<li>die Verarbeitung ist f\u00fcr die Erf\u00fcllung einer <strong>rechtlichen Verpflichtung<\/strong> erforderlich, der der f\u00fcr die Verarbeitung Verantwortliche unterliegt;<\/li>\n\n\n\n<li>die Verarbeitung ist zur Wahrung der <strong>berechtigten Interessen<\/strong> des f\u00fcr die Verarbeitung Verantwortlichen oder eines Dritten erforderlich, sofern nicht die Interessen oder Grundrechte und Grundfreiheiten der betroffenen Person, die den Schutz personenbezogener Daten erfordern, \u00fcberwiegen.<\/li>\n<\/ol>\n\n<table>\n  <thead>\n    <tr>\n      <th>Kategorien von personenbezogenen Daten<\/th>\n<th>Verwendungszwecke<\/th>\n<th>Rechtsgrundlage<\/th>\n    <\/tr>\n  <\/thead>\n  <tbody>\n    <tr>\n      <td>Identifikations- und Kontaktinformationen (Benutzername, E-Mail-Adresse, Spracheinstellung)<\/td>\n<td>Ausf\u00fchrung der Vereinbarung mit Ihnen und Bereitstellung unserer Dienste<\/td>\n<td>Vereinbarung<\/td>\n    <\/tr>\n    <tr>\n      <td>Identifikations- und Kontaktdaten (Name, Adresse, Telefonnummer, Geburtsdatum, Zahlungsdaten)<\/td>\n<td>Bearbeitung von Bestellungen, Kundenservice<\/td>\n<td>Vereinbarung<\/td>\n    <\/tr>\n    <tr>\n      <td>Identifikations- und Kontaktdaten (Name, E-Mail-Adresse)<\/td>\n<td>Versand von Newslettern an Z\u00fcchter<\/td>\n<td>Einverst\u00e4ndnis<\/td>\n    <\/tr>\n    <tr>\n      <td>Identifikations- und Kontaktdaten (Name, Adresse, Telefonnummer, Geburtsdatum, Zahlungsdaten)<\/td>\n<td>Verwaltung von Wettbewerben<\/td>\n<td>Vereinbarung<\/td>\n    <\/tr>\n    <tr>\n      <td>Identifikations- und Kontaktdaten (Name, Adresse, Telefonnummer, E-Mail-Adresse)<\/td>\n<td>Bearbeitung von Kontaktanfragen<\/td>\n<td>Vereinbarung<\/td>\n    <\/tr>\n    <tr>\n      <td>Identifikations- und Kontaktdaten (Name, Adresse, Telefonnummer, E-Mail-Adresse)<\/td>\n<td>Zusendung von Informationen \u00fcber Produkte oder Dienstleistungen, die denen \u00e4hneln, die Sie bereits gekauft haben<\/td>\n<td>Berechtigte Interessen<\/td>\n    <\/tr>\n    <tr>\n      <td>Identifikations- und Kontaktdaten (Name, Adresse, Telefonnummer, E-Mail-Adresse)<\/td>\n<td>Bereitstellung von Informationen, wenn dies gesetzlich vorgeschrieben ist<\/td>\n<td>Gesetzliche Verpflichtung<\/td>\n    <\/tr>\n    <tr>\n      <td>Technische Daten (IP-Adresse, Ger\u00e4te-ID, IMEI-Nummer, Browsertyp, Betriebssystem, Klickverhalten)<\/td>\n<td>Verbesserung unserer Website, Dienstleistungen und Produkte und Verhinderung von Betrug<\/td>\n<td>Berechtigte Interessen<\/td>\n    <\/tr>\n  <\/tbody>\n<\/table>\n\n<p>\/Ihre<strong>Datenschutz-Rechte<\/strong><\/p>\n\n<p>Um Ihnen mehr Kontrolle \u00fcber die Verarbeitung personenbezogener Daten zu geben, stehen Ihnen verschiedene Rechte zur Verf\u00fcgung. Diese Rechte werden <em>u.a.<\/em> in den Artikeln 15-22 GDPR er\u00f6rtert und festgelegt. <\/p>\n\n<p>Sie haben die folgenden Rechte:<\/p>\n\n<ul class=\"wp-block-list\">\n<li><strong>Recht auf Zugang zu den verarbeiteten personenbezogenen Daten (Art. 15 GDPR)<\/strong>:<\/li>\n<\/ul>\n\n<p>Sie haben das Recht, von uns eine Best\u00e4tigung dar\u00fcber zu erhalten, ob Ihre personenbezogenen Daten verarbeitet werden oder nicht, und, falls dies der Fall ist, Zugang zu den personenbezogenen Daten und den folgenden Informationen zu erhalten:<\/p>\n\n<ol class=\"wp-block-list\">\n<li>Die Zwecke der Verarbeitung;<\/li>\n\n\n\n<li>Die betroffenen Kategorien von personenbezogenen Daten;<\/li>\n\n\n\n<li>Die Empf\u00e4nger oder Kategorien von Empf\u00e4ngern, an die die personenbezogenen Daten weitergegeben wurden oder werden, insbesondere Empf\u00e4nger in Drittl\u00e4ndern oder internationale Organisationen;<\/li>\n\n\n\n<li>Wenn m\u00f6glich, den vorgesehenen Zeitraum, f\u00fcr den die personenbezogenen Daten gespeichert werden, oder, falls dies nicht m\u00f6glich ist, die Kriterien, nach denen dieser Zeitraum bestimmt wird;<\/li>\n\n\n\n<li>Das Bestehen des Rechts, von dem f\u00fcr die Verarbeitung Verantwortlichen die Berichtigung oder L\u00f6schung personenbezogener Daten oder die Einschr\u00e4nkung der Verarbeitung personenbezogener Daten, die die betroffene Person betreffen, zu verlangen oder einer solchen Verarbeitung zu widersprechen;<\/li>\n\n\n\n<li>das Recht, eine Beschwerde bei einer Aufsichtsbeh\u00f6rde einzureichen;<\/li>\n\n\n\n<li>f\u00fcr den Fall, dass die personenbezogenen Daten nicht bei der betroffenen Person erhoben wurden, alle verf\u00fcgbaren Informationen \u00fcber ihre Herkunft;<\/li>\n\n\n\n<li>die Existenz einer automatisierten Entscheidungsfindung.<\/li>\n<\/ol>\n\n<p>Falls wir Ihnen keinen Zugang zu den personenbezogenen Daten gew\u00e4hren k\u00f6nnen (z.B. im Falle einer gesetzlichen Verpflichtung, der betroffenen Person den Zugang zu diesen Informationen zu verwehren), werden wir Sie \u00fcber die Gr\u00fcnde f\u00fcr diese Unm\u00f6glichkeit informieren.<\/p>\n\n<p>Dar\u00fcber hinaus k\u00f6nnen Sie auch eine kostenlose Kopie der personenbezogenen Daten, die verarbeitet werden, anfordern. Bitte beachten Sie jedoch, dass wir berechtigt sind, f\u00fcr jede weitere Kopie, die Sie anfordern, eine angemessene Geb\u00fchr auf der Grundlage der Verwaltungskosten zu erheben. <\/p>\n\n<ul class=\"wp-block-list\">\n<li><strong>Das Recht, vergessen zu werden oder die L\u00f6schung personenbezogener Daten zu verlangen<\/strong> (Art. 17 GDP <\/li>\n<\/ul>\n\n<p>In bestimmten F\u00e4llen k\u00f6nnen Sie uns auffordern, Ihre pers\u00f6nlichen Daten zu l\u00f6schen. Seien Sie sich jedoch bewusst, dass wir Ihnen unter diesen Umst\u00e4nden unsere Dienste nicht mehr zur Verf\u00fcgung stellen k\u00f6nnen. Au\u00dferdem bitten wir Sie zu bedenken, dass das &#8222;Recht auf Vergessenwerden&#8220; kein absolutes Recht ist. Wir haben das Recht, Ihre personenbezogenen Daten unter anderem in folgenden F\u00e4llen weiter zu speichern: (i) wenn die Speicherung f\u00fcr die Erf\u00fcllung eines Vertrags, dessen Vertragspartei Sie sind, erforderlich ist, (ii) wenn die Speicherung f\u00fcr die Erf\u00fcllung einer rechtlichen Verpflichtung erforderlich ist oder (iii) wenn die Speicherung f\u00fcr die Begr\u00fcndung, Aus\u00fcbung oder Verteidigung von Rechtsanspr\u00fcchen erforderlich ist. Die Gr\u00fcnde f\u00fcr die Speicherung Ihrer personenbezogenen Daten teilen wir Ihnen in unserer Antwort auf Ihren Antrag auf L\u00f6schung mit.       <\/p>\n\n<ul class=\"wp-block-list\">\n<li><strong>Das Recht auf Berichtigung<\/strong> (Art. 16 GDPR):<\/li>\n<\/ul>\n\n<p>Sollten Ihre personenbezogenen Daten unrichtig, veraltet oder unvollst\u00e4ndig sein, k\u00f6nnen Sie uns auffordern, Ihre personenbezogenen Daten zu berichtigen oder zu erg\u00e4nzen.<\/p>\n\n<ul class=\"wp-block-list\">\n<li><strong>Das Recht auf Daten\u00fcbertragbarkeit<\/strong> (Art. 20 GDPR):<\/li>\n<\/ul>\n\n<p>Unter bestimmten Voraussetzungen haben Sie auch das Recht, von uns zu verlangen, dass wir die personenbezogenen Daten, die Sie uns zur Verf\u00fcgung gestellt haben und f\u00fcr die Sie uns Ihre Einwilligung gegeben haben, an einen anderen f\u00fcr die Verarbeitung Verantwortlichen \u00fcbermitteln. Wir werden diese personenbezogenen Daten direkt an den neuen f\u00fcr die Verarbeitung Verantwortlichen \u00fcbermitteln, soweit dies technisch m\u00f6glich ist. <\/p>\n\n<ul class=\"wp-block-list\">\n<li><strong>Recht auf Einschr\u00e4nkung der Verarbeitung<\/strong> (Art. 18 GDPR):<\/li>\n<\/ul>\n\n<p>Sie haben das Recht, die Einschr\u00e4nkung der Verarbeitung zu erwirken, wenn einer der folgenden Punkte zutrifft:<\/p>\n\n<ol class=\"wp-block-list\">\n<li>Sie bestreiten die Richtigkeit der personenbezogenen Daten (in einem solchen Fall wird die Verwendung der personenbezogenen Daten f\u00fcr einen Zeitraum eingeschr\u00e4nkt, der es uns erm\u00f6glicht, die Richtigkeit der personenbezogenen Daten zu \u00fcberpr\u00fcfen);<\/li>\n\n\n\n<li>Die Verarbeitung der personenbezogenen Daten ist unrechtm\u00e4\u00dfig;<\/li>\n\n\n\n<li>Wir ben\u00f6tigen die personenbezogenen Daten nicht mehr f\u00fcr die Zwecke der Verarbeitung, aber Sie ben\u00f6tigen sie f\u00fcr die Begr\u00fcndung, Aus\u00fcbung oder Verteidigung von Rechtsanspr\u00fcchen;<\/li>\n\n\n\n<li>Solange nicht gepr\u00fcft wurde, ob die legitimen Gr\u00fcnde f\u00fcr die Verarbeitung der personenbezogenen Daten gegen\u00fcber denen der betroffenen Person \u00fcberwiegen, k\u00f6nnen Sie von uns verlangen, die Verwendung der personenbezogenen Daten einzuschr\u00e4nken.<\/li>\n<\/ol>\n\n<ul class=\"wp-block-list\">\n<li><strong>Das Recht auf Widerspruch <\/strong>(Art. 21 GDPR):<\/li>\n<\/ul>\n\n<p>Sie haben das Recht, aus Gr\u00fcnden, die sich aus Ihrer besonderen Situation ergeben, gegen die Verarbeitung Ihrer personenbezogenen Daten Widerspruch einzulegen, wenn die Verarbeitung f\u00fcr die Wahrnehmung einer Aufgabe erfolgt, die im \u00f6ffentlichen Interesse liegt, oder f\u00fcr die Zwecke der von uns verfolgten berechtigten Interessen. In einem solchen Fall werden wir die personenbezogenen Daten nicht mehr verarbeiten, es sei denn, (i) es liegen zwingende schutzw\u00fcrdige Gr\u00fcnde f\u00fcr die Verarbeitung vor, die Ihre Interessen, Rechte und Freiheiten \u00fcberwiegen, oder (ii) die Verarbeitung der personenbezogenen Daten dient der Geltendmachung, Aus\u00fcbung oder Verteidigung von Rechtsanspr\u00fcchen.   <\/p>\n\n<ul class=\"wp-block-list\">\n<li><strong>Automatisierte individuelle Entscheidungsfindung, einschlie\u00dflich Profiling<\/strong> (Art. 22 GDPR):<\/li>\n<\/ul>\n\n<p>Sie haben das Recht, keiner Entscheidung unterworfen zu werden, die ausschlie\u00dflich auf einer automatisierten Verarbeitung, einschlie\u00dflich Profiling, beruht und die rechtliche Auswirkungen hat oder Sie in \u00e4hnlicher Weise erheblich beeintr\u00e4chtigen kann.<\/p>\n\n<p>Dieses Recht kann jedoch unter folgenden Umst\u00e4nden nicht in Anspruch genommen werden:<\/p>\n\n<ol class=\"wp-block-list\">\n<li>Wenn die Entscheidung gesetzlich zul\u00e4ssig ist (z.B. um Steuerbetrug zu verhindern);<\/li>\n\n\n\n<li>wenn die Entscheidung auf der ausdr\u00fccklichen Einwilligung der betroffenen Person beruht; oder<\/li>\n\n\n\n<li>Wenn die Entscheidung f\u00fcr den Abschluss oder die Erf\u00fcllung eines Vertrags zwischen der betroffenen Person und dem f\u00fcr die Verarbeitung Verantwortlichen erforderlich ist (beachten Sie, dass wir in solchen F\u00e4llen immer von Fall zu Fall pr\u00fcfen, ob weniger in die Privatsph\u00e4re eingreifende Methoden angewendet werden k\u00f6nnen, um den Abschluss oder die Erf\u00fcllung des Vertrags zu erleichtern).<\/li>\n<\/ol>\n\n<ul class=\"wp-block-list\">\n<li><strong>Das Recht, Ihre Zustimmung zu widerrufen <\/strong>(Art. 7 AVG):<\/li>\n<\/ul>\n\n<p>Beruht die Verarbeitung personenbezogener Daten auf einer Einwilligung, so haben Sie das Recht, diese Einwilligung jederzeit durch einen einfachen Antrag zu widerrufen.<\/p>\n\n<p><strong>Die Aus\u00fcbung Ihrer Rechte<\/strong><\/p>\n\n<p>Um die oben genannten Rechte auszu\u00fcben, k\u00f6nnen Sie uns per E-Mail an die folgende E-Mail-Adresse <a href=\"mailto:contact@kanziapple.com\">contact@kanziapple.com kontaktieren .<\/a> Um Ihre Identit\u00e4t zu \u00fcberpr\u00fcfen, bitten wir Sie, Ihrer E-Mail eine Kopie der Vorderseite Ihres Personalausweises beizuf\u00fcgen. <\/p>\n\n<p>Alle Rechte k\u00f6nnen kostenlos ausge\u00fcbt werden, es sei denn, Ihre Anfrage ist offensichtlich unbegr\u00fcndet oder unverh\u00e4ltnism\u00e4\u00dfig (z. B. aufgrund des wiederholten Charakters Ihrer Anfrage). In solchen F\u00e4llen haben wir das Recht, Ihnen eine angemessene Geb\u00fchr in Rechnung zu stellen oder die Bearbeitung Ihrer Anfrage abzulehnen. <\/p>\n\n<p><strong>Weitergabe von personenbezogenen Daten an Dritte<\/strong><\/p>\n\n<p>Ihre personenbezogenen Daten werden nur dann an Dritte weitergegeben, wenn dies gesetzlich vorgeschrieben ist, wenn Sie uns dazu Ihre Einwilligung gegeben haben oder wenn eine solche Weitergabe f\u00fcr die Erbringung unserer Dienstleistungen erforderlich ist (auf der Grundlage unserer berechtigten Interessen). Unter keinen anderen Umst\u00e4nden werden personenbezogene Daten an Dritte weitergegeben, es sei denn, wir sind aufgrund zwingender gesetzlicher oder beh\u00f6rdlicher Bestimmungen dazu verpflichtet (z.B.: die Weitergabe personenbezogener Daten an externe Stellen oder Beh\u00f6rden, wie Strafverfolgungsbeh\u00f6rden). <\/p>\n\n<p><strong>Kategorien von Empf\u00e4ngern<\/strong><\/p>\n\n<p>Wir sorgen daf\u00fcr, dass die personenbezogenen Daten innerhalb unseres Unternehmens nur denjenigen Personen zug\u00e4nglich sind, die den Zugriff auf die personenbezogenen Daten ben\u00f6tigen, um den vertraglichen und gesetzlichen Verpflichtungen nachzukommen.<\/p>\n\n<p>Unter bestimmten Umst\u00e4nden werden unsere Mitarbeiter und Angestellten bei der Ausf\u00fchrung ihrer Aufgaben von externen Dienstleistern unterst\u00fctzt. Um Ihre pers\u00f6nlichen Daten zu sch\u00fctzen, haben wir mit all diesen externen Dienstleistern eine Vereinbarung getroffen, um die sichere, respektvolle und vorsichtige Verwaltung und Administration Ihrer pers\u00f6nlichen Daten zu gew\u00e4hrleisten. <\/p>\n\n<p><strong>\u00dcbermittlung von personenbezogenen Daten an Drittl\u00e4nder<\/strong><\/p>\n\n<p>Ihre personenbezogenen Daten werden nur dann an Auftragsverarbeiter oder f\u00fcr die Verarbeitung Verantwortliche in Drittl\u00e4ndern weitergegeben oder offengelegt, wenn wir gesetzlich dazu befugt sind.<\/p>\n\n<p>Soweit eine solche Offenlegung oder \u00dcbermittlung erforderlich ist, werden wir geeignete Ma\u00dfnahmen ergreifen, um sicherzustellen, dass Ihre personenbezogenen Daten in erheblichem Ma\u00dfe gesch\u00fctzt werden und dass alle Offenlegungen oder \u00dcbermittlungen personenbezogener Daten au\u00dferhalb des EWR auf rechtm\u00e4\u00dfige und legitime Weise erfolgen. F\u00fcr den Fall, dass eine Offenlegung oder \u00dcbermittlung in ein Land au\u00dferhalb des EWR erfolgt, f\u00fcr das die Europ\u00e4ische Kommission nicht festgestellt hat, dass dieses Land kein gleichwertiges Schutzniveau f\u00fcr die personenbezogenen Daten aufrechterh\u00e4lt, unterliegt eine solche Offenlegung oder \u00dcbermittlung stets vertraglichen oder anderen rechtsverbindlichen Instrumenten, die den Bedingungen f\u00fcr die \u00dcbermittlung personenbezogener Daten in Drittl\u00e4nder unterliegen, wie z.B. den von der Europ\u00e4ischen Kommission festgelegten Standardbedingungen und -bestimmungen f\u00fcr die \u00dcbermittlung personenbezogener Daten in Drittl\u00e4nder. <\/p>\n\n<p>Sie k\u00f6nnen die genehmigten Standardbedingungen und -bestimmungen der Europ\u00e4ischen Kommission \u00fcber den folgenden Hyperlink einsehen: <a href=\"https:\/\/ec.europa.eu\/info\/law\/law-topic\/data-protection\/data-transfers-outside-eu\/model-contracts-transfer-personal-data-third-countries_en\">https:\/\/ec.europa.eu\/info\/law\/law-topic\/data-protection\/data-transfers-outside-eu\/model-contracts-transfer-personal-data-third-countries_en.<\/a><\/p>\n\n<p><strong>Schutz Ihrer pers\u00f6nlichen Daten<\/strong><\/p>\n\n<p>Wir haben alle angemessenen und geeigneten technischen und organisatorischen Ma\u00dfnahmen ergriffen, um Ihre personenbezogenen Daten so gut wie m\u00f6glich vor versehentlicher oder unrechtm\u00e4\u00dfiger Zerst\u00f6rung, Verlust, Ver\u00e4nderung, unbefugter Weitergabe oder Zugriff auf personenbezogene Daten zu sch\u00fctzen. So speichern wir Ihre personenbezogenen Daten an einem zentralen und gesicherten Ort auf unserem Server, um sicherzustellen, dass Dritte keinen Zugriff auf Ihre personenbezogenen Daten haben. <\/p>\n\n<p><strong>Speicherung von pers\u00f6nlichen Daten<\/strong><\/p>\n\n<p>Wir speichern Ihre personenbezogenen Daten f\u00fcr den Zeitraum, der zur Erreichung des Zwecks, f\u00fcr den diese personenbezogenen Daten verarbeitet werden, erforderlich ist. Bitte beachten Sie, dass wir eine Reihe von (gesetzlichen) Aufbewahrungsfristen (Fristen) ber\u00fccksichtigen m\u00fcssen, die uns verpflichten, Ihre personenbezogenen Daten weiterhin zu speichern. Falls keine Verpflichtung oder Pflicht zur Speicherung der personenbezogenen Daten besteht, werden die personenbezogenen Daten routinem\u00e4\u00dfig gel\u00f6scht und vernichtet, sobald der Zweck, f\u00fcr den die personenbezogenen Daten erhoben wurden, erreicht ist.  <\/p>\n\n<p>Dar\u00fcber hinaus k\u00f6nnen wir Ihre personenbezogenen Daten speichern, wenn Sie uns dazu Ihre Einwilligung gegeben haben oder wenn eine solche Speicherung f\u00fcr die Begr\u00fcndung, Aus\u00fcbung oder Verteidigung von Rechtsanspr\u00fcchen erforderlich ist. In diesem letzten Fall werden bestimmte personenbezogene Daten zu Beweiszwecken verwendet. Solche personenbezogenen Daten werden daher entsprechend der gesetzlichen Verj\u00e4hrungsfrist gespeichert, die bis zu drei\u00dfig Jahre betragen kann; das \u00dcbliche,  <\/p>\n\n<p><strong>Reklamationen?<\/strong><\/p>\n\n<p>Der Schutz Ihrer pers\u00f6nlichen Daten ist unser wichtigstes Anliegen. Daher sind wir bestrebt, alle notwendigen Ma\u00dfnahmen zu ergreifen, um den Schutz Ihrer pers\u00f6nlichen Daten zu gew\u00e4hrleisten. Sollten Sie eine Beschwerde \u00fcber die Art und Weise haben, in der Ihre pers\u00f6nlichen Daten verarbeitet werden, k\u00f6nnen Sie sich gerne an uns wenden. Wir werden versuchen, Ihren Erwartungen gerecht zu werden und Ihre Bedenken so schnell wie m\u00f6glich zu zerstreuen.   <\/p>\n\n<p>Sie k\u00f6nnen Ihre Beschwerde auch bei der Aufsichtsbeh\u00f6rde f\u00fcr den Schutz personenbezogener Daten einreichen. Die f\u00fcr die \u00dcberwachung unserer Organisation zust\u00e4ndige Beh\u00f6rde ist die Datenschutzbeh\u00f6rde: <\/p>\n\n<p><strong>Website:<br\/><\/strong><a href=\"https:\/\/www.dataprotectionauthority.be\/\">https:\/\/www.dataprotectionauthority.be\/<br\/><\/a><strong>Kontaktinformationen:<br\/><\/strong>Datenschutzbeh\u00f6rde<br\/>Rue de la Presse 35, 1000 Br\u00fcssel<br\/>Telefon: +32 (0)2 274 48 00<br\/>Fax: +32 (0)2 274 48 35<br\/><a href=\"mailto:contact@apd-gba.be\">contact@apd-gba.be<\/a><\/p>\n\n<p><strong>Haben Sie weitere Fragen?<\/strong><\/p>\n\n<p>Sie k\u00f6nnen uns gerne per Telefon, E-Mail oder Brief kontaktieren. Wir freuen uns, Ihnen weiterhelfen zu k\u00f6nnen. <\/p>\n\n<p>EFC<br\/>Kernielerweg 59E<br\/>B-3840 Tongeren-Borgloon<br\/>Belgien<br\/>Tel.: +32-(0)12-339900<\/p>\n\n<p><a href=\"mailto:contact@kanziapple.com\">contact@kanziapple.com<\/a><\/p>\n\n<p><strong>\u00c4nderungsantr\u00e4ge<\/strong><\/p>\n\n<p>Diese Datenschutzrichtlinie kann von Zeit zu Zeit ge\u00e4ndert werden, um Ma\u00dfnahmen auf der Grundlage Ihres Feedbacks zu ergreifen oder um \u00c4nderungen bei unseren Verarbeitungsaktivit\u00e4ten zu verdeutlichen. Wir laden Sie daher ein, die neueste Version dieser Richtlinie auf unserer Website einzusehen. <\/p>\n","protected":false},"template":"","class_list":["post-2364","legal","type-legal","status-publish","hentry"],"_links":{"self":[{"href":"https:\/\/www.kanziapple.com\/de\/wp-json\/wp\/v2\/legal\/2364","targetHints":{"allow":["GET"]}}],"collection":[{"href":"https:\/\/www.kanziapple.com\/de\/wp-json\/wp\/v2\/legal"}],"about":[{"href":"https:\/\/www.kanziapple.com\/de\/wp-json\/wp\/v2\/types\/legal"}],"wp:attachment":[{"href":"https:\/\/www.kanziapple.com\/de\/wp-json\/wp\/v2\/media?parent=2364"}],"curies":[{"name":"wp","href":"https:\/\/api.w.org\/{rel}","templated":true}]}}